{"id":1108,"date":"2021-09-23T13:25:31","date_gmt":"2021-09-23T11:25:31","guid":{"rendered":"https:\/\/interafi.com\/centro-internacional-estudios\/?page_id=1108"},"modified":"2021-10-28T14:15:44","modified_gmt":"2021-10-28T12:15:44","slug":"politica-de-privacidad","status":"publish","type":"page","link":"https:\/\/interafi.com\/centro-internacional-estudios\/politica-de-privacidad\/","title":{"rendered":"Pol\u00edtica de privacidad"},"content":{"rendered":"\t\t<div data-elementor-type=\"wp-page\" data-elementor-id=\"1108\" class=\"elementor elementor-1108\">\n\t\t\t\t\t\t<section class=\"elementor-section elementor-top-section elementor-element elementor-element-4a58d00 elementor-section-boxed elementor-section-height-default elementor-section-height-default\" data-id=\"4a58d00\" data-element_type=\"section\" id=\"top\" data-settings=\"{&quot;background_background&quot;:&quot;classic&quot;,&quot;jet_parallax_layout_list&quot;:[]}\">\n\t\t\t\t\t\t\t<div class=\"elementor-background-overlay\"><\/div>\n\t\t\t\t\t\t\t<div class=\"elementor-container elementor-column-gap-default\">\n\t\t\t\t\t<div class=\"elementor-column elementor-col-100 elementor-top-column elementor-element elementor-element-4c1feb98\" data-id=\"4c1feb98\" data-element_type=\"column\">\n\t\t\t<div class=\"elementor-widget-wrap elementor-element-populated\">\n\t\t\t\t\t\t<div class=\"elementor-element elementor-element-b50ad48 elementor-widget elementor-widget-image\" data-id=\"b50ad48\" data-element_type=\"widget\" data-widget_type=\"image.default\">\n\t\t\t\t<div class=\"elementor-widget-container\">\n\t\t\t\t\t\t\t\t\t\t\t\t\t<img src=\"https:\/\/interafi.com\/centro-internacional-estudios\/wp-content\/uploads\/2021\/07\/logo_icie.svg\" class=\"attachment-full size-full wp-image-412\" alt=\"\" \/>\t\t\t\t\t\t\t\t\t\t\t\t\t<\/div>\n\t\t\t\t<\/div>\n\t\t\t\t<section class=\"elementor-section elementor-inner-section elementor-element elementor-element-230b1434 elementor-section-full_width elementor-section-height-default elementor-section-height-default\" data-id=\"230b1434\" data-element_type=\"section\" data-settings=\"{&quot;jet_parallax_layout_list&quot;:[]}\">\n\t\t\t\t\t\t<div class=\"elementor-container elementor-column-gap-default\">\n\t\t\t\t\t<div class=\"elementor-column elementor-col-100 elementor-inner-column elementor-element elementor-element-6d086a94\" data-id=\"6d086a94\" data-element_type=\"column\" data-settings=\"{&quot;background_background&quot;:&quot;classic&quot;}\">\n\t\t\t<div class=\"elementor-widget-wrap elementor-element-populated\">\n\t\t\t\t\t<div class=\"elementor-background-overlay\"><\/div>\n\t\t\t\t\t\t<div class=\"elementor-element elementor-element-6893e2eb elementor-widget elementor-widget-heading\" data-id=\"6893e2eb\" data-element_type=\"widget\" data-widget_type=\"heading.default\">\n\t\t\t\t<div class=\"elementor-widget-container\">\n\t\t\t<h6 class=\"elementor-heading-title elementor-size-small\">POL\u00cdTICA DE PROTECCI\u00d3N DE DATOS PERSONALES<\/h6>\t\t<\/div>\n\t\t\t\t<\/div>\n\t\t\t\t<div class=\"elementor-element elementor-element-1b51cdc6 elementor-widget elementor-widget-text-editor\" data-id=\"1b51cdc6\" data-element_type=\"widget\" data-widget_type=\"text-editor.default\">\n\t\t\t\t<div class=\"elementor-widget-container\">\n\t\t\t\t\t\t\t<p align=\"justify\">En orden a dar cumplimiento los a la responsabilidad\u00a0proactiva que caracteriza a esta entidad y que adem\u00e1s nos exige el\u00a0Reglamento Europeo de Protecci\u00f3n de datos 2016\/679 en los art\u00edculos 13 y\u00a014, INTERAFI ha elaborado la presenta pol\u00edtica de privacidad, con el\u00a0fin de que todas las personas f\u00edsicas o jur\u00eddicas que quieran conocer\u00a0c\u00f3mo tratamos los datos personales de quien se relaciona con nosotros,\u00a0pueda tener acceso a dicha informaci\u00f3n.<\/p><p align=\"justify\">\u00a0<\/p><p align=\"justify\">Trataremos, por tanto, todos los aspectos\u00a0concernientes a la salvaguarda de datos personales en un total de 15\u00a0apartados, explicados de manera sencilla, con el fin de que cualquier\u00a0que los lea pueda tener la confianza de que nos esforzamos por\u00a0garantizar la protecci\u00f3n de los mismos, desde la perspectiva de la\u00a0privacidad desde el dise\u00f1o y por defecto.<\/p>\t\t\t\t\t\t<\/div>\n\t\t\t\t<\/div>\n\t\t\t\t\t<\/div>\n\t\t<\/div>\n\t\t\t\t\t<\/div>\n\t\t<\/section>\n\t\t\t\t<section class=\"elementor-section elementor-inner-section elementor-element elementor-element-6b6bb5d elementor-section-full_width elementor-section-height-default elementor-section-height-default\" data-id=\"6b6bb5d\" data-element_type=\"section\" data-settings=\"{&quot;jet_parallax_layout_list&quot;:[]}\">\n\t\t\t\t\t\t<div class=\"elementor-container elementor-column-gap-default\">\n\t\t\t\t\t<div class=\"elementor-column elementor-col-100 elementor-inner-column elementor-element elementor-element-caf89d7\" data-id=\"caf89d7\" data-element_type=\"column\" data-settings=\"{&quot;background_background&quot;:&quot;classic&quot;}\">\n\t\t\t<div class=\"elementor-widget-wrap elementor-element-populated\">\n\t\t\t\t\t<div class=\"elementor-background-overlay\"><\/div>\n\t\t\t\t\t\t<div class=\"elementor-element elementor-element-54bcc1c elementor-widget elementor-widget-text-editor\" data-id=\"54bcc1c\" data-element_type=\"widget\" data-widget_type=\"text-editor.default\">\n\t\t\t\t<div class=\"elementor-widget-container\">\n\t\t\t\t\t\t\t<h3 style=\"text-align: left;\"><span style=\"color: #ffffff;\"><strong>1.- RESPONSABLE DE TRATAMIENTO DE DATOS PERSONALES<\/strong>.<\/span><\/h3><p>\u00a0<\/p>\t\t\t\t\t\t<\/div>\n\t\t\t\t<\/div>\n\t\t\t\t<div class=\"elementor-element elementor-element-8ee000c elementor-widget elementor-widget-text-editor\" data-id=\"8ee000c\" data-element_type=\"widget\" data-widget_type=\"text-editor.default\">\n\t\t\t\t<div class=\"elementor-widget-container\">\n\t\t\t\t\t\t\t<p style=\"padding-left: 40px;\">RESPONSABLE DE TRATAMIENTO: Internal Audit and Financial Control SL (en adelante, INTERAFI SL, la entidad)<\/p><p style=\"padding-left: 40px;\">CIF: B83746396<br \/>Direcci\u00f3n postal: [direccion]<br \/>Horario: 08:30h a 14:00h y 15:00h a 18:00 de lunes a jueves. 8:30h a 15:30h los viernes<br \/>Tel\u00e9fono: +34 91 781 54 76<br \/>Correo electr\u00f3nico: gestion@interafi.com<br \/>Delegado de protecci\u00f3n de datos: dpo@interafi.com<\/p>\t\t\t\t\t\t<\/div>\n\t\t\t\t<\/div>\n\t\t\t\t\t<\/div>\n\t\t<\/div>\n\t\t\t\t\t<\/div>\n\t\t<\/section>\n\t\t\t\t<section class=\"elementor-section elementor-inner-section elementor-element elementor-element-c085ba3 elementor-section-full_width elementor-section-height-default elementor-section-height-default\" data-id=\"c085ba3\" data-element_type=\"section\" data-settings=\"{&quot;jet_parallax_layout_list&quot;:[]}\">\n\t\t\t\t\t\t<div class=\"elementor-container elementor-column-gap-default\">\n\t\t\t\t\t<div class=\"elementor-column elementor-col-100 elementor-inner-column elementor-element elementor-element-10b66b8\" data-id=\"10b66b8\" data-element_type=\"column\" data-settings=\"{&quot;background_background&quot;:&quot;classic&quot;}\">\n\t\t\t<div class=\"elementor-widget-wrap elementor-element-populated\">\n\t\t\t\t\t<div class=\"elementor-background-overlay\"><\/div>\n\t\t\t\t\t\t<div class=\"elementor-element elementor-element-b3505ec elementor-widget elementor-widget-text-editor\" data-id=\"b3505ec\" data-element_type=\"widget\" data-widget_type=\"text-editor.default\">\n\t\t\t\t<div class=\"elementor-widget-container\">\n\t\t\t\t\t\t\t<h3 style=\"text-align: left;\"><span style=\"color: #ffffff;\"><b>2.- NORMATIVA ESENCIAL APLICABLE.<\/b><\/span><\/h3><p>\u00a0<\/p>\t\t\t\t\t\t<\/div>\n\t\t\t\t<\/div>\n\t\t\t\t<div class=\"elementor-element elementor-element-f97c2cb elementor-widget elementor-widget-text-editor\" data-id=\"f97c2cb\" data-element_type=\"widget\" data-widget_type=\"text-editor.default\">\n\t\t\t\t<div class=\"elementor-widget-container\">\n\t\t\t\t\t\t\t<p>Como legislaci\u00f3n imprescindible que regula el tratamiento y protecci\u00f3n de datos personales, mencionamos:<\/p><ul><li>Reglamento (UE) 2016\/679 del Parlamento Europeo y del Consejo, de 27 de abril de 2016 relativo a la protecci\u00f3n de las personas f\u00edsicas en lo que respecta al tratamiento de datos personales y a la libre circulaci\u00f3n de estos datos (en adelante, RGPD).<\/li><li>Ley Org\u00e1nica 3\/2018, de 5 de diciembre, de Protecci\u00f3n de Datos Personales y garant\u00eda de los derechos digitales (en adelante, LOPDGDD).<\/li><li>Ley 34\/2002, de 11 de julio, de servicios de la sociedad de la informaci\u00f3n y de comercio electr\u00f3nico (en adelante, LSSI)<\/li><\/ul>\t\t\t\t\t\t<\/div>\n\t\t\t\t<\/div>\n\t\t\t\t\t<\/div>\n\t\t<\/div>\n\t\t\t\t\t<\/div>\n\t\t<\/section>\n\t\t\t\t<section class=\"elementor-section elementor-inner-section elementor-element elementor-element-62ead72 elementor-section-full_width elementor-section-height-default elementor-section-height-default\" data-id=\"62ead72\" data-element_type=\"section\" data-settings=\"{&quot;jet_parallax_layout_list&quot;:[]}\">\n\t\t\t\t\t\t<div class=\"elementor-container elementor-column-gap-default\">\n\t\t\t\t\t<div class=\"elementor-column elementor-col-100 elementor-inner-column elementor-element elementor-element-f2b110c\" data-id=\"f2b110c\" data-element_type=\"column\" data-settings=\"{&quot;background_background&quot;:&quot;classic&quot;}\">\n\t\t\t<div class=\"elementor-widget-wrap elementor-element-populated\">\n\t\t\t\t\t<div class=\"elementor-background-overlay\"><\/div>\n\t\t\t\t\t\t<div class=\"elementor-element elementor-element-5ca3839 elementor-widget elementor-widget-text-editor\" data-id=\"5ca3839\" data-element_type=\"widget\" data-widget_type=\"text-editor.default\">\n\t\t\t\t<div class=\"elementor-widget-container\">\n\t\t\t\t\t\t\t<h3 style=\"text-align: left;\"><span style=\"color: #ffffff;\"><b>3.- POSIBLES CATEGOR\u00cdAS DE DATOS PERSONALES QUE TRATAMOS.<\/b><\/span><\/h3><p>\u00a0<\/p>\t\t\t\t\t\t<\/div>\n\t\t\t\t<\/div>\n\t\t\t\t<div class=\"elementor-element elementor-element-cad56ec elementor-widget elementor-widget-text-editor\" data-id=\"cad56ec\" data-element_type=\"widget\" data-widget_type=\"text-editor.default\">\n\t\t\t\t<div class=\"elementor-widget-container\">\n\t\t\t\t\t\t\t<p><span style=\"text-decoration: underline;\">Datos especialmente protegidos (datos sensibles)<\/span>: Esencialmente, datos relacionados con la salud o gen\u00e9ticos que proporcionan informaci\u00f3n \u00fanica sobre la fisiolog\u00eda o estado del identificado.<\/p><p><span style=\"text-decoration: underline;\">Datos identificativos<\/span>: Por ejemplo, DNI, direcci\u00f3n postal o electr\u00f3nica, imagen, N\u00ba Seguridad Social o Mutualidad, tel\u00e9fono, nombre y dos apellidos, firma o huella, firma electr\u00f3nica, tarjeta sanitaria.<\/p><p><span style=\"text-decoration: underline;\">Datos relativos a las caracter\u00edsticas personales<\/span>: Por ejemplo, datos de familia, fecha de nacimiento, lugar de nacimiento, edad, sexo, nacionalidad, lengua materna.<\/p><p><span style=\"text-decoration: underline;\">Datos relativos a las circunstancias sociales<\/span>: Por ejemplo, licencias, permisos y autorizaciones.<\/p><p><span style=\"text-decoration: underline;\">Datos acad\u00e9micos y profesionales<\/span>: Por ejemplo, relativos a formaci\u00f3n, titulaciones, historial del estudiante, experiencia profesional, pertenencia a colegios o asociaciones profesionales.<\/p><p><span style=\"text-decoration: underline;\">Datos de empleo<\/span>: Por ejemplo, relativos a profesi\u00f3n, puestos de trabajo, datos no econ\u00f3micos de n\u00f3mina, historial del trabajador, vida laboral.<\/p><p><span style=\"text-decoration: underline;\">Datos que aportan informaci\u00f3n comercial<\/span>: Por ejemplo, relativos a actividades y negocios, licencias comerciales, subscripciones a publicaciones o medios de comunicaci\u00f3n, creaciones art\u00edsticas, literarias, cient\u00edficas o t\u00e9cnicas.<\/p><p><span style=\"text-decoration: underline;\">Datos econ\u00f3micos, financieros y de seguros<\/span>: Por ejemplo, relativos a ingresos, rentas, inversiones, bienes patrimoniales, cr\u00e9ditos, pr\u00e9stamos, avales, datos bancarios, planes de pensiones, jubilaci\u00f3n, datos econ\u00f3micos de n\u00f3mina, datos deducciones impositivas\/impuestos, seguros, hipotecas, subsidios, beneficios, historial de cr\u00e9ditos, tarjetas de cr\u00e9ditos.<\/p>\t\t\t\t\t\t<\/div>\n\t\t\t\t<\/div>\n\t\t\t\t\t<\/div>\n\t\t<\/div>\n\t\t\t\t\t<\/div>\n\t\t<\/section>\n\t\t\t\t<section class=\"elementor-section elementor-inner-section elementor-element elementor-element-543d1aa elementor-section-full_width elementor-section-height-default elementor-section-height-default\" data-id=\"543d1aa\" data-element_type=\"section\" data-settings=\"{&quot;jet_parallax_layout_list&quot;:[]}\">\n\t\t\t\t\t\t<div class=\"elementor-container elementor-column-gap-default\">\n\t\t\t\t\t<div class=\"elementor-column elementor-col-100 elementor-inner-column elementor-element elementor-element-f2c11cb\" data-id=\"f2c11cb\" data-element_type=\"column\" data-settings=\"{&quot;background_background&quot;:&quot;classic&quot;}\">\n\t\t\t<div class=\"elementor-widget-wrap elementor-element-populated\">\n\t\t\t\t\t<div class=\"elementor-background-overlay\"><\/div>\n\t\t\t\t\t\t<div class=\"elementor-element elementor-element-3c2bc53 elementor-widget elementor-widget-text-editor\" data-id=\"3c2bc53\" data-element_type=\"widget\" data-widget_type=\"text-editor.default\">\n\t\t\t\t<div class=\"elementor-widget-container\">\n\t\t\t\t\t\t\t<h3 style=\"text-align: left;\"><span style=\"color: #ffffff;\"><b>4.- RECOPILACI\u00d3N DE LAS ANTERIORES CATEGOR\u00cdAS DE DATOS.<\/b><\/span><\/h3><p>\u00a0<\/p>\t\t\t\t\t\t<\/div>\n\t\t\t\t<\/div>\n\t\t\t\t<div class=\"elementor-element elementor-element-289291c elementor-widget elementor-widget-text-editor\" data-id=\"289291c\" data-element_type=\"widget\" data-widget_type=\"text-editor.default\">\n\t\t\t\t<div class=\"elementor-widget-container\">\n\t\t\t\t\t\t\t<p>En su mayor parte, estos datos proceden cedidos de nuestros clientes, quienes nos facilitan datos personales de sus propios clientes con el fin de que desarrollemos nuestra funci\u00f3n de auditor\u00eda interna (o en su caso, funci\u00f3n de control interno y\/o cumplimiento normativo).<\/p><p>Por otro lado, tambi\u00e9n recibimos datos personales de nuestros propios trabajadores, de candidatos a trav\u00e9s de su curr\u00edculum y de nuestros alumnos a trav\u00e9s del portal \u201cInterafi Centro Internacional de Estudios.\u201d<\/p><p>En todos los casos, la llegada de datos a la entidad tiene lugar eminentemente v\u00eda e-mail, si bien no se descartan otros medios como el presencial.<\/p><p>La recepci\u00f3n de datos personales, quedar\u00e1 respaldada por las bases de legitimaci\u00f3n que corresponda, a lo que se a\u00f1ade, seg\u00fan el caso, el contrato de encargado de tratamiento previamente firmado, o el env\u00edo a la fuente que nos facilita los datos de la 1\u00aa capa de informaci\u00f3n habilitada por el RGPD (en la que existe una remisi\u00f3n a la presente pol\u00edtica de privacidad como 2\u00aa capa de informaci\u00f3n).<\/p>\t\t\t\t\t\t<\/div>\n\t\t\t\t<\/div>\n\t\t\t\t\t<\/div>\n\t\t<\/div>\n\t\t\t\t\t<\/div>\n\t\t<\/section>\n\t\t\t\t<section class=\"elementor-section elementor-inner-section elementor-element elementor-element-a4e5f51 elementor-section-full_width elementor-section-height-default elementor-section-height-default\" data-id=\"a4e5f51\" data-element_type=\"section\" data-settings=\"{&quot;jet_parallax_layout_list&quot;:[]}\">\n\t\t\t\t\t\t<div class=\"elementor-container elementor-column-gap-default\">\n\t\t\t\t\t<div class=\"elementor-column elementor-col-100 elementor-inner-column elementor-element elementor-element-80b6862\" data-id=\"80b6862\" data-element_type=\"column\" data-settings=\"{&quot;background_background&quot;:&quot;classic&quot;}\">\n\t\t\t<div class=\"elementor-widget-wrap elementor-element-populated\">\n\t\t\t\t\t<div class=\"elementor-background-overlay\"><\/div>\n\t\t\t\t\t\t<div class=\"elementor-element elementor-element-a508c50 elementor-widget elementor-widget-text-editor\" data-id=\"a508c50\" data-element_type=\"widget\" data-widget_type=\"text-editor.default\">\n\t\t\t\t<div class=\"elementor-widget-container\">\n\t\t\t\t\t\t\t<h3 style=\"text-align: left;\"><span style=\"color: #ffffff;\"><b>5.- PROP\u00d3SITO EN LA UTILIZACI\u00d3N DE DATOS PERSONALES Y BASES LEGALES.<\/b><\/span><\/h3><p>\u00a0<\/p>\t\t\t\t\t\t<\/div>\n\t\t\t\t<\/div>\n\t\t\t\t<div class=\"elementor-element elementor-element-f0c8c1a elementor-widget elementor-widget-text-editor\" data-id=\"f0c8c1a\" data-element_type=\"widget\" data-widget_type=\"text-editor.default\">\n\t\t\t\t<div class=\"elementor-widget-container\">\n\t\t\t\t\t\t\t<div class=\"wpb_text_column wpb_content_element  vc_custom_1632239985174\"><div class=\"wpb_wrapper\"><h3>\u00a0<\/h3><table><thead><tr><td><strong>ORIGEN DE LOS DATOS PERSONALES<\/strong><\/td><td><strong>FINALIDAD<\/strong><\/td><td><strong>BASE DE LEGITIMACI\u00d3N<\/strong><\/td><\/tr><\/thead><tbody><tr><td>POTENCIALES CLIENTES<\/td><td>GESTI\u00d3N DE LA SOLICITUD PLANTEADA<\/td><td>CONSENTIMIENTO\/MEDIDAS PRECONTRACTUALES<\/td><\/tr><tr><td>CLIENTES<\/td><td>EJERCICIO DE LA FUNCI\u00d3N DE AUDITOR\u00cdA INTERNA O CONTROL INTERNO<\/td><td>CONTRACTUAL<\/td><\/tr><tr><td>CANDIDATOS<\/td><td>PARTICIPACI\u00d3N EN PROCESO DE SELECCI\u00d3N<\/td><td>CONSENTIMIENTO<\/td><\/tr><tr><td>TRABAJADORES<\/td><td>DESEMPE\u00d1O DE LA ACTIVIDAD PROFESIONAL EN INTERAFI<\/td><td>CONTRACTUAL<\/td><\/tr><tr><td>ALUMNOS DE ICIE<\/td><td>IMPARTICI\u00d3N DE FORMACIONES A TERCEROS O A TRABAJADORES<\/td><td>CONTRACTUAL<\/td><\/tr><tr><td>FORMULARIO DE CONTACTO<\/td><td>GESTI\u00d3N DE COMUNICACIONES QUE SE HAGAN LLEGAR A TRAV\u00c9S DEL FORMULARIO DE CONTACTO<\/td><td>CONSENTIMIENTO\/CONTRACTUAL<\/td><\/tr><tr><td>INTERESADOS<\/td><td>ATENCI\u00d3N DE LOS DERECHOS DE LOS INTERESADOS CUANDO SE EJERCITEN<\/td><td>OBLIGACI\u00d3N LEGAL<\/td><\/tr><\/tbody><\/table><\/div><\/div>\t\t\t\t\t\t<\/div>\n\t\t\t\t<\/div>\n\t\t\t\t\t<\/div>\n\t\t<\/div>\n\t\t\t\t\t<\/div>\n\t\t<\/section>\n\t\t\t\t<section class=\"elementor-section elementor-inner-section elementor-element elementor-element-43ee7ad elementor-section-full_width elementor-section-height-default elementor-section-height-default\" data-id=\"43ee7ad\" data-element_type=\"section\" data-settings=\"{&quot;jet_parallax_layout_list&quot;:[]}\">\n\t\t\t\t\t\t<div class=\"elementor-container elementor-column-gap-default\">\n\t\t\t\t\t<div class=\"elementor-column elementor-col-100 elementor-inner-column elementor-element elementor-element-fea7eec\" data-id=\"fea7eec\" data-element_type=\"column\" data-settings=\"{&quot;background_background&quot;:&quot;classic&quot;}\">\n\t\t\t<div class=\"elementor-widget-wrap elementor-element-populated\">\n\t\t\t\t\t<div class=\"elementor-background-overlay\"><\/div>\n\t\t\t\t\t\t<div class=\"elementor-element elementor-element-8c8a206 elementor-widget elementor-widget-text-editor\" data-id=\"8c8a206\" data-element_type=\"widget\" data-widget_type=\"text-editor.default\">\n\t\t\t\t<div class=\"elementor-widget-container\">\n\t\t\t\t\t\t\t<h3><b style=\"font-style: inherit; color: #ffffff;\">6.- UTILIZACI\u00d3N DE TECNOLOG\u00cdAS DE SEGUIMIENTO.<\/b><\/h3><p>\u00a0<\/p>\t\t\t\t\t\t<\/div>\n\t\t\t\t<\/div>\n\t\t\t\t<div class=\"elementor-element elementor-element-218278a elementor-widget elementor-widget-text-editor\" data-id=\"218278a\" data-element_type=\"widget\" data-widget_type=\"text-editor.default\">\n\t\t\t\t<div class=\"elementor-widget-container\">\n\t\t\t\t\t\t\t<p>Mencionar que exclusivamente utilizamos algunos tipos de cookies, por lo que nos remitimos \u00edntegramente a la <strong><span style=\"color: #ffffff;\"><a style=\"color: #ffffff;\" href=\".\/politica-de-cookies\">pol\u00edtica de cookies<\/a><\/span><\/strong> que puede encontrar en <strong><span style=\"color: #ffffff;\"><a style=\"color: #ffffff;\" href=\"https:\/\/www.interafi.com\">www.interafi.com<\/a><\/span><\/strong>, o bien, puede solicit\u00e1rnosla en la direcci\u00f3n de correo electr\u00f3nico indicada en la parte superior del presente documento.<\/p>\t\t\t\t\t\t<\/div>\n\t\t\t\t<\/div>\n\t\t\t\t\t<\/div>\n\t\t<\/div>\n\t\t\t\t\t<\/div>\n\t\t<\/section>\n\t\t\t\t<section class=\"elementor-section elementor-inner-section elementor-element elementor-element-42fbac1 elementor-section-full_width elementor-section-height-default elementor-section-height-default\" data-id=\"42fbac1\" data-element_type=\"section\" data-settings=\"{&quot;jet_parallax_layout_list&quot;:[]}\">\n\t\t\t\t\t\t<div class=\"elementor-container elementor-column-gap-default\">\n\t\t\t\t\t<div class=\"elementor-column elementor-col-100 elementor-inner-column elementor-element elementor-element-f795cce\" data-id=\"f795cce\" data-element_type=\"column\" data-settings=\"{&quot;background_background&quot;:&quot;classic&quot;}\">\n\t\t\t<div class=\"elementor-widget-wrap elementor-element-populated\">\n\t\t\t\t\t<div class=\"elementor-background-overlay\"><\/div>\n\t\t\t\t\t\t<div class=\"elementor-element elementor-element-735b238 elementor-widget elementor-widget-text-editor\" data-id=\"735b238\" data-element_type=\"widget\" data-widget_type=\"text-editor.default\">\n\t\t\t\t<div class=\"elementor-widget-container\">\n\t\t\t\t\t\t\t<h3><span style=\"color: #ffffff;\"><b>7.- CESI\u00d3N DE DATOS PERSONALES.<\/b><\/span><\/h3><p>\u00a0<\/p>\t\t\t\t\t\t<\/div>\n\t\t\t\t<\/div>\n\t\t\t\t<div class=\"elementor-element elementor-element-16344b2 elementor-widget elementor-widget-text-editor\" data-id=\"16344b2\" data-element_type=\"widget\" data-widget_type=\"text-editor.default\">\n\t\t\t\t<div class=\"elementor-widget-container\">\n\t\t\t\t\t\t\t<p>Puede existir cesi\u00f3n de datos a terceros en orden a colaborar con INTERAFI SL en el ejercicio de su actividad profesional, o en su caso ejecutar los tr\u00e1mites propios de alta en Seguridad Social y a entidad bancaria para el pago de n\u00f3minas, as\u00ed como a efectos tributarios o prevenci\u00f3n de riesgos laborales.<\/p><p>No obstante, fuera de esas situaciones, no est\u00e1 prevista la cesi\u00f3n de datos a terceros, salvo obligaci\u00f3n legal, en cuyo caso puede darse tal divulgaci\u00f3n, por ejemplo, a autoridades interesadas en los procedimientos relacionados con las reclamaciones presentadas o a autoridades judiciales en caso de requerimiento.<\/p><p>En cualquiera de los supuestos en los que se cedan datos a terceros (excepto por obligaci\u00f3n legal), se suscribir\u00e1 el correspondiente contrato de encargo de tratamiento, siempre que ello sea posible en la pr\u00e1ctica, si bien se garantizar\u00e1 en todo caso la protecci\u00f3n de los datos personales recibidos por el responsable.<\/p><p>Si desea conocer de manera concreta qui\u00e9nes son esos terceros a quienes se han cedido los datos personales de los que es propietario, puede solicit\u00e1rnoslo a trav\u00e9s del ejercicio del derecho de acceso, seg\u00fan se indica en el presente texto, adjuntando una fotocopia de su DNI.<\/p>\t\t\t\t\t\t<\/div>\n\t\t\t\t<\/div>\n\t\t\t\t\t<\/div>\n\t\t<\/div>\n\t\t\t\t\t<\/div>\n\t\t<\/section>\n\t\t\t\t<section class=\"elementor-section elementor-inner-section elementor-element elementor-element-01fcfeb elementor-section-full_width elementor-section-height-default elementor-section-height-default\" data-id=\"01fcfeb\" data-element_type=\"section\" data-settings=\"{&quot;jet_parallax_layout_list&quot;:[]}\">\n\t\t\t\t\t\t<div class=\"elementor-container elementor-column-gap-default\">\n\t\t\t\t\t<div class=\"elementor-column elementor-col-100 elementor-inner-column elementor-element elementor-element-9a4a67a\" data-id=\"9a4a67a\" data-element_type=\"column\" data-settings=\"{&quot;background_background&quot;:&quot;classic&quot;}\">\n\t\t\t<div class=\"elementor-widget-wrap elementor-element-populated\">\n\t\t\t\t\t<div class=\"elementor-background-overlay\"><\/div>\n\t\t\t\t\t\t<div class=\"elementor-element elementor-element-89fb062 elementor-widget elementor-widget-text-editor\" data-id=\"89fb062\" data-element_type=\"widget\" data-widget_type=\"text-editor.default\">\n\t\t\t\t<div class=\"elementor-widget-container\">\n\t\t\t\t\t\t\t<h3><span style=\"color: #ffffff;\"><b>8.- TRANSFERENCIAS INTERNACIONALES DE DATOS.<\/b><\/span><\/h3><p>\u00a0<\/p>\t\t\t\t\t\t<\/div>\n\t\t\t\t<\/div>\n\t\t\t\t<div class=\"elementor-element elementor-element-d435538 elementor-widget elementor-widget-text-editor\" data-id=\"d435538\" data-element_type=\"widget\" data-widget_type=\"text-editor.default\">\n\t\t\t\t<div class=\"elementor-widget-container\">\n\t\t\t\t\t\t\t<p>En t\u00e9rminos generales, no est\u00e1 prevista la transferencia internacional de datos generales, si bien puede tener lugar con respecto a proveedores de servicios que apoyan a INTERAFI SL en el ejercicio diario de su actividad profesional.<\/p><p>No obstante, estos proveedores de servicios han suscrito las correspondientes cl\u00e1usulas contractuales tipo aprobadas por la Comisi\u00f3n Europea, de manera que se obligan a garantizar que aplican los est\u00e1ndares de protecci\u00f3n de datos personales similares a los europeos. Por todo ello, la transferencia internacional a estos no genera una desprotecci\u00f3n de los datos personales que recibimos, si no que esta es similar a la que se ofrece por parte de los pa\u00edses miembros de la Uni\u00f3n Europea y Espacio Econ\u00f3mico Europeo.<\/p><p>Si desea conocer de manera concreta qui\u00e9nes son esos proveedores de servicios a quienes se hayan transferido los datos personales de los que es propietario, puede solicit\u00e1rnoslo a trav\u00e9s del ejercicio del derecho de acceso, seg\u00fan se indica en el presente texto, adjuntando una fotocopia de su DNI.<\/p>\t\t\t\t\t\t<\/div>\n\t\t\t\t<\/div>\n\t\t\t\t\t<\/div>\n\t\t<\/div>\n\t\t\t\t\t<\/div>\n\t\t<\/section>\n\t\t\t\t<section class=\"elementor-section elementor-inner-section elementor-element elementor-element-f563f4a elementor-section-full_width elementor-section-height-default elementor-section-height-default\" data-id=\"f563f4a\" data-element_type=\"section\" data-settings=\"{&quot;jet_parallax_layout_list&quot;:[]}\">\n\t\t\t\t\t\t<div class=\"elementor-container elementor-column-gap-default\">\n\t\t\t\t\t<div class=\"elementor-column elementor-col-100 elementor-inner-column elementor-element elementor-element-a8d9f85\" data-id=\"a8d9f85\" data-element_type=\"column\" data-settings=\"{&quot;background_background&quot;:&quot;classic&quot;}\">\n\t\t\t<div class=\"elementor-widget-wrap elementor-element-populated\">\n\t\t\t\t\t<div class=\"elementor-background-overlay\"><\/div>\n\t\t\t\t\t\t<div class=\"elementor-element elementor-element-a9a065e elementor-widget elementor-widget-text-editor\" data-id=\"a9a065e\" data-element_type=\"widget\" data-widget_type=\"text-editor.default\">\n\t\t\t\t<div class=\"elementor-widget-container\">\n\t\t\t\t\t\t\t<h3><span style=\"color: #ffffff;\"><b>9.- CONSERVACI\u00d3N DE LOS DATOS PERSONALES.<\/b><\/span><\/h3><p>\u00a0<\/p>\t\t\t\t\t\t<\/div>\n\t\t\t\t<\/div>\n\t\t\t\t<div class=\"elementor-element elementor-element-95dc372 elementor-widget elementor-widget-text-editor\" data-id=\"95dc372\" data-element_type=\"widget\" data-widget_type=\"text-editor.default\">\n\t\t\t\t<div class=\"elementor-widget-container\">\n\t\t\t\t\t\t\t<p>Las distintas normativas aplicables a las categor\u00edas de datos que recibimos, relacionadas con las exigencias del RGPD y LOPDGDD, imponen plazos de conservaci\u00f3n de datos relacionados el tiempo de prescripci\u00f3n para exigir responsabilidad.<\/p><p>De forma esquematizada, podemos decir que atenderemos, entre otras, a los plazos recogidos en la normativa civil, laboral, tributaria, contable y la propia de protecci\u00f3n de datos en orden a respetar los periodos de conservaci\u00f3n m\u00e1ximos recogidos.<\/p><p>En caso de querer conocer espec\u00edficamente el plazo de conservaci\u00f3n de los datos personales que disponemos y de los que es usted propietario, puedes solicitarnos dicha informaci\u00f3n a trav\u00e9s del ejercicio del derecho de acceso, acompa\u00f1ando fotocopia del DNI en dicha petici\u00f3n.<\/p>\t\t\t\t\t\t<\/div>\n\t\t\t\t<\/div>\n\t\t\t\t\t<\/div>\n\t\t<\/div>\n\t\t\t\t\t<\/div>\n\t\t<\/section>\n\t\t\t\t<section class=\"elementor-section elementor-inner-section elementor-element elementor-element-a000b14 elementor-section-full_width elementor-section-height-default elementor-section-height-default\" data-id=\"a000b14\" data-element_type=\"section\" data-settings=\"{&quot;jet_parallax_layout_list&quot;:[]}\">\n\t\t\t\t\t\t<div class=\"elementor-container elementor-column-gap-default\">\n\t\t\t\t\t<div class=\"elementor-column elementor-col-100 elementor-inner-column elementor-element elementor-element-17cf8e4\" data-id=\"17cf8e4\" data-element_type=\"column\" data-settings=\"{&quot;background_background&quot;:&quot;classic&quot;}\">\n\t\t\t<div class=\"elementor-widget-wrap elementor-element-populated\">\n\t\t\t\t\t<div class=\"elementor-background-overlay\"><\/div>\n\t\t\t\t\t\t<div class=\"elementor-element elementor-element-2ba5cf3 elementor-widget elementor-widget-text-editor\" data-id=\"2ba5cf3\" data-element_type=\"widget\" data-widget_type=\"text-editor.default\">\n\t\t\t\t<div class=\"elementor-widget-container\">\n\t\t\t\t\t\t\t<h3><span style=\"color: #ffffff;\"><b>10.- PROTECCI\u00d3N DE DATOS PERSONALES Y MEDIDAS DE SEGURIDAD.<\/b><\/span><\/h3><p>\u00a0<\/p>\t\t\t\t\t\t<\/div>\n\t\t\t\t<\/div>\n\t\t\t\t<div class=\"elementor-element elementor-element-af04e92 elementor-widget elementor-widget-text-editor\" data-id=\"af04e92\" data-element_type=\"widget\" data-widget_type=\"text-editor.default\">\n\t\t\t\t<div class=\"elementor-widget-container\">\n\t\t\t\t\t\t\t<p>Dicha protecci\u00f3n se efect\u00faa a trav\u00e9s de medidas t\u00e9cnicas y organizativas proporcionales y adecuadas a la categor\u00eda de dato personal de que se trata. Atendiendo al art\u00edculo 32 del Reglamento Europeo de Protecci\u00f3n de datos, INTERAFI seleccionar\u00e1, adoptar\u00e1, y en su caso modificar\u00e1, las medidas de salvaguarda que resulten necesarias, a fin de dar cumplimiento a dicha obligaci\u00f3n legal, tanto desde la perspectiva de riesgos normativos como t\u00e9cnicos, evitando que los datos personales sean alterados o robados.<\/p><p>En este sentido, se tienen previstos periodos de revisi\u00f3n y auditor\u00eda de los sistemas de protecci\u00f3n de datos personales, y en general, de seguridad de la informaci\u00f3n, para supuestos extraordinarios que den lugar a alg\u00fan suceso imprevisto, as\u00ed como revisiones regulares recogidas en nuestras pol\u00edticas internas.<\/p>\t\t\t\t\t\t<\/div>\n\t\t\t\t<\/div>\n\t\t\t\t\t<\/div>\n\t\t<\/div>\n\t\t\t\t\t<\/div>\n\t\t<\/section>\n\t\t\t\t<section class=\"elementor-section elementor-inner-section elementor-element elementor-element-68d2ff2 elementor-section-full_width elementor-section-height-default elementor-section-height-default\" data-id=\"68d2ff2\" data-element_type=\"section\" data-settings=\"{&quot;jet_parallax_layout_list&quot;:[]}\">\n\t\t\t\t\t\t<div class=\"elementor-container elementor-column-gap-default\">\n\t\t\t\t\t<div class=\"elementor-column elementor-col-100 elementor-inner-column elementor-element elementor-element-e354fbb\" data-id=\"e354fbb\" data-element_type=\"column\" data-settings=\"{&quot;background_background&quot;:&quot;classic&quot;}\">\n\t\t\t<div class=\"elementor-widget-wrap elementor-element-populated\">\n\t\t\t\t\t<div class=\"elementor-background-overlay\"><\/div>\n\t\t\t\t\t\t<div class=\"elementor-element elementor-element-57cfb7b elementor-widget elementor-widget-text-editor\" data-id=\"57cfb7b\" data-element_type=\"widget\" data-widget_type=\"text-editor.default\">\n\t\t\t\t<div class=\"elementor-widget-container\">\n\t\t\t\t\t\t\t<h3><span style=\"color: #ffffff;\"><b>11.- DERECHOS DE LOS INTERESADOS Y C\u00d3MO EJERCITARLOS.<\/b><\/span><\/h3><p>\u00a0<\/p>\t\t\t\t\t\t<\/div>\n\t\t\t\t<\/div>\n\t\t\t\t<div class=\"elementor-element elementor-element-d4b2e6c elementor-widget elementor-widget-text-editor\" data-id=\"d4b2e6c\" data-element_type=\"widget\" data-widget_type=\"text-editor.default\">\n\t\t\t\t<div class=\"elementor-widget-container\">\n\t\t\t\t\t\t\t<p>Los derechos que los interesados pueden ejercitar al respecto de los datos personales de los que son propietarios, son:<\/p><p><span style=\"text-decoration: underline;\">Derecho de acceso<\/span>: El interesado tendr\u00e1 derecho a obtener de INTERAFI confirmaci\u00f3n de si se est\u00e1n tratando o no datos personales que le conciernen, y en tal caso, podr\u00e1 acceder a los datos personales y a informaci\u00f3n relacionada a trav\u00e9s de la obtenci\u00f3n de una copia en formato electr\u00f3nico de uso com\u00fan (ej. Correo electr\u00f3nico), salvo que se prefiere otro medio.<\/p><p><span style=\"text-decoration: underline;\">Derecho de rectificaci\u00f3n<\/span>: Recoge la posibilidad de que INTERAFI modifique el contenido de los datos personales que trata, cuando el interesado se dirija a \u00e9l, advirti\u00e9ndole de que cuenta con datos personales inexactos o incompletos.<\/p><p><span style=\"text-decoration: underline;\">Derecho de supresi\u00f3n<\/span>: Consiste en la supresi\u00f3n de datos personales cuando los datos ya no son necesarios para los fines para los que se recogieron, o el interesado retira el consentimiento (ej. en caso de env\u00edos comerciales, env\u00edo de curr\u00edculums), o el interesado se opone al tratamiento de sus datos basado en el inter\u00e9s leg\u00edtimo del responsable o encargado, o cuando los datos personales han sido tratados il\u00edcitamente o deben suprimirse por obligaci\u00f3n legal.<\/p><p><span style=\"text-decoration: underline;\">Derecho de oposici\u00f3n<\/span>: Consiste en la negativa a que los datos personales del interesado reciban uno o m\u00e1s tratamientos concretos cuando este tratamiento se base en el desempe\u00f1o de una misi\u00f3n en inter\u00e9s p\u00fablico o en el ejercicio de poderes p\u00fablicos otorgados al responsable, o bien en la satisfacci\u00f3n de intereses leg\u00edtimos perseguidos por el responsable o un tercero, cuando tengan por objeto la mercadot\u00e9cnica (incluida la elaboraci\u00f3n de perfiles), o cuando se traten con fines de investigaci\u00f3n cient\u00edfica, hist\u00f3rica estad\u00edsticos.<\/p><p><span style=\"font-size: 16.5px; color: var( --e-global-color-7168a413 );\">Todos estos derechos plantean tambi\u00e9n excepciones a los mismos, las cuales ser\u00e1n puestas en conocimiento de los interesados en caso de que estos pretendan su ejercicio, y resulten aplicables.<\/span><\/p><p>Para el ejercicio de los derechos explicados anteriormente, existe un protocolo interno al respecto, as\u00ed como formularios de solicitud y contestaci\u00f3n, que permitir\u00e1n la respuesta pronta y efectiva al interesado. En todo caso, este podr\u00e1 solicitar a INTERAFI el formulario correspondiente al derecho que pretenda ejercer, para que se le facilite una copia, acompa\u00f1ado siempre de una fotocopia de su DNI. En caso de que, para verificar tu identidad, necesitemos datos adicionales a los que nos facilite, se lo haremos saber.<br \/>La direcci\u00f3n postal y de correo electr\u00f3nico a la que contactar en caso de querer ejercitar estos derechos, ser\u00e1 la indicada en la parte superior de este documento bajo el ep\u00edgrafe \u201cRESPONSABLE DE TRATAMIENTO\u201d, incluyendo la direcci\u00f3n electr\u00f3nica del Delegado de Protecci\u00f3n de Datos.<\/p>\t\t\t\t\t\t<\/div>\n\t\t\t\t<\/div>\n\t\t\t\t\t<\/div>\n\t\t<\/div>\n\t\t\t\t\t<\/div>\n\t\t<\/section>\n\t\t\t\t<section class=\"elementor-section elementor-inner-section elementor-element elementor-element-e82b5e0 elementor-section-full_width elementor-section-height-default elementor-section-height-default\" data-id=\"e82b5e0\" data-element_type=\"section\" data-settings=\"{&quot;jet_parallax_layout_list&quot;:[]}\">\n\t\t\t\t\t\t<div class=\"elementor-container elementor-column-gap-default\">\n\t\t\t\t\t<div class=\"elementor-column elementor-col-100 elementor-inner-column elementor-element elementor-element-a8a7815\" data-id=\"a8a7815\" data-element_type=\"column\" data-settings=\"{&quot;background_background&quot;:&quot;classic&quot;}\">\n\t\t\t<div class=\"elementor-widget-wrap elementor-element-populated\">\n\t\t\t\t\t<div class=\"elementor-background-overlay\"><\/div>\n\t\t\t\t\t\t<div class=\"elementor-element elementor-element-c774250 elementor-widget elementor-widget-text-editor\" data-id=\"c774250\" data-element_type=\"widget\" data-widget_type=\"text-editor.default\">\n\t\t\t\t<div class=\"elementor-widget-container\">\n\t\t\t\t\t\t\t<h3><span style=\"color: #ffffff;\"><b>12.- POL\u00cdTICA DE E-MAILS.<\/b><\/span><\/h3><p>\u00a0<\/p>\t\t\t\t\t\t<\/div>\n\t\t\t\t<\/div>\n\t\t\t\t<div class=\"elementor-element elementor-element-f934392 elementor-widget elementor-widget-text-editor\" data-id=\"f934392\" data-element_type=\"widget\" data-widget_type=\"text-editor.default\">\n\t\t\t\t<div class=\"elementor-widget-container\">\n\t\t\t\t\t\t\t<p>Los correos electr\u00f3nicos enviados por cualquiera de las cuentas profesionales que integran la entidad contienen informaci\u00f3n confidencial. La actuaci\u00f3n de los miembros de la compa\u00f1\u00eda, incluyendo la emisi\u00f3n de e-mails est\u00e1 regulada por las normativas inicialmente mencionadas, as\u00ed como los c\u00f3digos de conducta a las que se encuentran adheridos y que se mencionan en nuestro aviso legal.<\/p><p>Los empleados de INTERAFI SL est\u00e1n comprometidos con la confidencialidad y privacidad de correos electr\u00f3nicos enviados y recibidos, de manera que, en caso de no ser el destinatario de los mismos, se comunicar\u00e1 dicha circunstancia al emisor, procedi\u00e9ndose a su borrado definitivo. Esta misma actuaci\u00f3n se debe llevar a cabo por los terceros que reciban, por error, correos electr\u00f3nicos del personal de la consultora.<\/p><p>En ambas situaciones, el uso o revelaci\u00f3n sin autorizaci\u00f3n previa y escrita de cualquier parte del correo puede vulnerar derechos de su leg\u00edtimo titular o, incluso, constituir un delito.<\/p>\t\t\t\t\t\t<\/div>\n\t\t\t\t<\/div>\n\t\t\t\t\t<\/div>\n\t\t<\/div>\n\t\t\t\t\t<\/div>\n\t\t<\/section>\n\t\t\t\t<section class=\"elementor-section elementor-inner-section elementor-element elementor-element-43cc589 elementor-section-full_width elementor-section-height-default elementor-section-height-default\" data-id=\"43cc589\" data-element_type=\"section\" data-settings=\"{&quot;jet_parallax_layout_list&quot;:[]}\">\n\t\t\t\t\t\t<div class=\"elementor-container elementor-column-gap-default\">\n\t\t\t\t\t<div class=\"elementor-column elementor-col-100 elementor-inner-column elementor-element elementor-element-a3be6e2\" data-id=\"a3be6e2\" data-element_type=\"column\" data-settings=\"{&quot;background_background&quot;:&quot;classic&quot;}\">\n\t\t\t<div class=\"elementor-widget-wrap elementor-element-populated\">\n\t\t\t\t\t<div class=\"elementor-background-overlay\"><\/div>\n\t\t\t\t\t\t<div class=\"elementor-element elementor-element-e7d8e80 elementor-widget elementor-widget-text-editor\" data-id=\"e7d8e80\" data-element_type=\"widget\" data-widget_type=\"text-editor.default\">\n\t\t\t\t<div class=\"elementor-widget-container\">\n\t\t\t\t\t\t\t<h3><span style=\"color: #ffffff;\"><b>13.- ADHESI\u00d3N A C\u00d3DIGOS DE CONDUCTA.<\/b><\/span><\/h3><p>\u00a0<\/p>\t\t\t\t\t\t<\/div>\n\t\t\t\t<\/div>\n\t\t\t\t<div class=\"elementor-element elementor-element-4ed90a1 elementor-widget elementor-widget-text-editor\" data-id=\"4ed90a1\" data-element_type=\"widget\" data-widget_type=\"text-editor.default\">\n\t\t\t\t<div class=\"elementor-widget-container\">\n\t\t\t\t\t\t\t<p>INTERAFI cuenta con personal adherido al c\u00f3digo \u00e9tico de las personas certificadas como Delegados de Protecci\u00f3n de Datos conforme al esquema de la Agencia Espa\u00f1ola de Protecci\u00f3n de Datos, lo puedes encontrar aqu\u00ed <strong><span style=\"color: #ffffff;\"><a style=\"color: #ffffff;\" href=\"https:\/\/www.anf.es\/wp-content\/uploads\/2020\/01\/ANEXO-IV.pdf\">ANEXO-IV.pdf (anf.es)<\/a><\/span><\/strong>.<\/p>\t\t\t\t\t\t<\/div>\n\t\t\t\t<\/div>\n\t\t\t\t\t<\/div>\n\t\t<\/div>\n\t\t\t\t\t<\/div>\n\t\t<\/section>\n\t\t\t\t<section class=\"elementor-section elementor-inner-section elementor-element elementor-element-d6aa33e elementor-section-full_width elementor-section-height-default elementor-section-height-default\" data-id=\"d6aa33e\" data-element_type=\"section\" data-settings=\"{&quot;jet_parallax_layout_list&quot;:[]}\">\n\t\t\t\t\t\t<div class=\"elementor-container elementor-column-gap-default\">\n\t\t\t\t\t<div class=\"elementor-column elementor-col-100 elementor-inner-column elementor-element elementor-element-f542abd\" data-id=\"f542abd\" data-element_type=\"column\" data-settings=\"{&quot;background_background&quot;:&quot;classic&quot;}\">\n\t\t\t<div class=\"elementor-widget-wrap elementor-element-populated\">\n\t\t\t\t\t<div class=\"elementor-background-overlay\"><\/div>\n\t\t\t\t\t\t<div class=\"elementor-element elementor-element-7df010b elementor-widget elementor-widget-text-editor\" data-id=\"7df010b\" data-element_type=\"widget\" data-widget_type=\"text-editor.default\">\n\t\t\t\t<div class=\"elementor-widget-container\">\n\t\t\t\t\t\t\t<h3><span style=\"color: #ffffff;\"><b>14.- CONTACTO CON INTERAFI Y RECLAMACIONES.<\/b><\/span><\/h3><p>\u00a0<\/p>\t\t\t\t\t\t<\/div>\n\t\t\t\t<\/div>\n\t\t\t\t<div class=\"elementor-element elementor-element-3f25316 elementor-widget elementor-widget-text-editor\" data-id=\"3f25316\" data-element_type=\"widget\" data-widget_type=\"text-editor.default\">\n\t\t\t\t<div class=\"elementor-widget-container\">\n\t\t\t\t\t\t\t<p>Cualquier interesado puede ponerse en contacto con la entidad, para plantear dudas o cuestiones, incluidas reclamaciones, en <strong><span style=\"color: #ffffff;\"><a style=\"color: #ffffff;\" href=\"https:\/\/www.interafi.com\/contacto\">https:\/\/www.interafi.com\/contacto<\/a><\/span><\/strong>, o en las direcciones indicadas en el primer apartado del presente documento, o especialmente en: <strong><span style=\"color: #ffffff;\"><a style=\"color: #ffffff;\" href=\"mailto:dpo@interafi.com\">dpo@interafi.com<\/a><\/span><\/strong>, dirigi\u00e9ndose directamente al Delegado de Protecci\u00f3n de Datos.<\/p><p>Del mismo modo, si cree que INTERAFI ha cometido una infracci\u00f3n de la legislaci\u00f3n de protecci\u00f3n de datos personales, p\u00f3ngase en contacto con nosotros en la misma direcci\u00f3n de correo electr\u00f3nico para que podamos solucionarlo a la mayor brevedad. Igualmente, tambi\u00e9n puede ponerlo en conocimiento de la Agencia Espa\u00f1ola de Protecci\u00f3n de Datos (<span style=\"color: #ffffff;\"><strong><a style=\"color: #ffffff;\" href=\"https:\/\/www.aepd.es\/\">www.aepd.es<\/a><\/strong><\/span>) y reclamar ante este organismo la protecci\u00f3n de sus derechos, a trav\u00e9s del siguiente contacto:<\/p><ul><li>Sede electr\u00f3nica: <strong><span style=\"color: #ffffff;\"><a style=\"color: #ffffff;\" href=\"https:\/\/sedeagpd.gob.es\/sede-electronica-web\/\">Sede Electr\u00f3nica \u2013 Agencia Espa\u00f1ola de Protecci\u00f3n de Datos<\/a><\/span><\/strong>.<\/li><li>Direcci\u00f3n postal: Calle Jorge Juan, 6 (28001 \u2013 Madrid)<\/li><li>Tel\u00e9fono: +34 91 266 35 17<\/li><\/ul>\t\t\t\t\t\t<\/div>\n\t\t\t\t<\/div>\n\t\t\t\t\t<\/div>\n\t\t<\/div>\n\t\t\t\t\t<\/div>\n\t\t<\/section>\n\t\t\t\t<section class=\"elementor-section elementor-inner-section elementor-element elementor-element-042ce79 elementor-section-full_width elementor-section-height-default elementor-section-height-default\" data-id=\"042ce79\" data-element_type=\"section\" data-settings=\"{&quot;jet_parallax_layout_list&quot;:[]}\">\n\t\t\t\t\t\t<div class=\"elementor-container elementor-column-gap-default\">\n\t\t\t\t\t<div class=\"elementor-column elementor-col-100 elementor-inner-column elementor-element elementor-element-73db1cb\" data-id=\"73db1cb\" data-element_type=\"column\" data-settings=\"{&quot;background_background&quot;:&quot;classic&quot;}\">\n\t\t\t<div class=\"elementor-widget-wrap elementor-element-populated\">\n\t\t\t\t\t<div class=\"elementor-background-overlay\"><\/div>\n\t\t\t\t\t\t<div class=\"elementor-element elementor-element-9bae65d elementor-widget elementor-widget-text-editor\" data-id=\"9bae65d\" data-element_type=\"widget\" data-widget_type=\"text-editor.default\">\n\t\t\t\t<div class=\"elementor-widget-container\">\n\t\t\t\t\t\t\t<h3><span style=\"color: #ffffff;\"><b>15.- CAMBIOS EN LA POL\u00cdTICA DE PRIVACIDAD.<\/b><\/span><\/h3><p>\u00a0<\/p>\t\t\t\t\t\t<\/div>\n\t\t\t\t<\/div>\n\t\t\t\t<div class=\"elementor-element elementor-element-c0be605 elementor-widget elementor-widget-text-editor\" data-id=\"c0be605\" data-element_type=\"widget\" data-widget_type=\"text-editor.default\">\n\t\t\t\t<div class=\"elementor-widget-container\">\n\t\t\t\t\t\t\t<p>INTERAFI SL est\u00e1 totalmente comprometida con la protecci\u00f3n de datos personales, as\u00ed como en el desarrollo de una cultura corporativa global dentro de la entidad, enfocada al cumplimiento de los valores \u00e9ticos y de las pautas normativas que nos afectan. Por todo ello, se revisar\u00e1 la presente pol\u00edtica de privacidad al menos anualmente, de manera peri\u00f3dica, y en todo caso, cuando se produzca alg\u00fan incidente o cambio organizativo, con el fin de adecuarla a la realidad de la situaci\u00f3n empresarial.<\/p><p>Modificada, en su caso, esta pol\u00edtica de protecci\u00f3n de datos, se publicar\u00e1 en la p\u00e1gina web con el fin de que los interesados puedan tener acceso a ella lo m\u00e1s pronto posible.<\/p><p>Consulte nuestro <span style=\"color: #ffffff;\"><strong><a style=\"color: #ffffff;\" href=\".\/aviso-legal\">Aviso Legal<\/a><\/strong><\/span> para conocer todos los datos referentes al propietario de la web.<\/p>\t\t\t\t\t\t<\/div>\n\t\t\t\t<\/div>\n\t\t\t\t\t<\/div>\n\t\t<\/div>\n\t\t\t\t\t<\/div>\n\t\t<\/section>\n\t\t\t\t\t<\/div>\n\t\t<\/div>\n\t\t\t\t\t<\/div>\n\t\t<\/section>\n\t\t\t\t<section class=\"elementor-section elementor-top-section elementor-element elementor-element-35b92d1a elementor-section-boxed elementor-section-height-default elementor-section-height-default\" data-id=\"35b92d1a\" data-element_type=\"section\" data-settings=\"{&quot;background_background&quot;:&quot;classic&quot;,&quot;jet_parallax_layout_list&quot;:[]}\">\n\t\t\t\t\t\t<div class=\"elementor-container elementor-column-gap-default\">\n\t\t\t\t\t<div class=\"elementor-column elementor-col-100 elementor-top-column elementor-element elementor-element-3324286f\" data-id=\"3324286f\" data-element_type=\"column\">\n\t\t\t<div class=\"elementor-widget-wrap elementor-element-populated\">\n\t\t\t\t\t\t<div class=\"elementor-element elementor-element-62968bee elementor-widget elementor-widget-image\" data-id=\"62968bee\" data-element_type=\"widget\" data-widget_type=\"image.default\">\n\t\t\t\t<div class=\"elementor-widget-container\">\n\t\t\t\t\t\t\t\t\t\t\t\t\t<img src=\"https:\/\/interafi.com\/centro-internacional-estudios\/wp-content\/uploads\/2021\/07\/logo_icie.svg\" class=\"attachment-full size-full wp-image-412\" alt=\"\" \/>\t\t\t\t\t\t\t\t\t\t\t\t\t<\/div>\n\t\t\t\t<\/div>\n\t\t\t\t<div class=\"elementor-element elementor-element-591144c uael-nav-menu__align-center uael-nav-menu__breakpoint-none uael-submenu-open-hover uael-submenu-icon-arrow uael-submenu-animation-none uael-link-redirect-child elementor-widget elementor-widget-uael-nav-menu\" data-id=\"591144c\" data-element_type=\"widget\" data-settings=\"{&quot;distance_from_menu&quot;:{&quot;unit&quot;:&quot;px&quot;,&quot;size&quot;:&quot;&quot;,&quot;sizes&quot;:[]},&quot;distance_from_menu_tablet&quot;:{&quot;unit&quot;:&quot;px&quot;,&quot;size&quot;:&quot;&quot;,&quot;sizes&quot;:[]},&quot;distance_from_menu_mobile&quot;:{&quot;unit&quot;:&quot;px&quot;,&quot;size&quot;:&quot;&quot;,&quot;sizes&quot;:[]}}\" data-widget_type=\"uael-nav-menu.default\">\n\t\t\t\t<div class=\"elementor-widget-container\">\n\t\t\t\t\t<div class=\"uael-nav-menu uael-layout-horizontal uael-nav-menu-layout uael-pointer__underline uael-animation__fade\" data-layout=\"horizontal\">\n\t\t\t\t<div role=\"button\" class=\"uael-nav-menu__toggle elementor-clickable\">\n\t\t\t\t\t<span class=\"screen-reader-text\">Main Menu<\/span>\n\t\t\t\t\t<div class=\"uael-nav-menu-icon\">\n\t\t\t\t\t\t\t\t\t\t\t<\/div>\n\t\t\t\t\t\t\t\t\t<\/div>\n\t\t\t\t\t\t\t<nav class=\"uael-nav-menu__layout-horizontal uael-nav-menu__submenu-arrow\" data-toggle-icon=\"\" data-close-icon=\"\" data-full-width=\"\"><ul id=\"menu-1-591144c\" class=\"uael-nav-menu\"><li id=\"menu-item-1178\" class=\"menu-item menu-item-type-post_type menu-item-object-page parent uael-creative-menu\"><a href=\"https:\/\/interafi.com\/centro-internacional-estudios\/politica-de-cookies\/\" class = \"uael-menu-item\">Pol\u00edtica de cookies<\/a><\/li>\n<li id=\"menu-item-1179\" class=\"menu-item menu-item-type-post_type menu-item-object-page parent uael-creative-menu\"><a href=\"https:\/\/interafi.com\/centro-internacional-estudios\/politica-de-privacidad\/\" class = \"uael-menu-item\">Pol\u00edtica de privacidad<\/a><\/li>\n<li id=\"menu-item-1180\" class=\"menu-item menu-item-type-post_type menu-item-object-page parent uael-creative-menu\"><a href=\"https:\/\/interafi.com\/centro-internacional-estudios\/aviso-legal\/\" class = \"uael-menu-item\">Aviso Legal<\/a><\/li>\n<\/ul><\/nav>\n\t\t\t\t\t<\/div>\n\t\t\t\t\t<\/div>\n\t\t\t\t<\/div>\n\t\t\t\t<div class=\"elementor-element elementor-element-14cb8547 elementor-hidden-phone elementor-widget elementor-widget-text-editor\" data-id=\"14cb8547\" data-element_type=\"widget\" data-widget_type=\"text-editor.default\">\n\t\t\t\t<div class=\"elementor-widget-container\">\n\t\t\t\t\t\t\t<p>Interafi \u00ae 2021. Todos los derechos reservados<\/p>\t\t\t\t\t\t<\/div>\n\t\t\t\t<\/div>\n\t\t\t\t\t<\/div>\n\t\t<\/div>\n\t\t\t\t\t<\/div>\n\t\t<\/section>\n\t\t\t\t<\/div>\n\t\t","protected":false},"excerpt":{"rendered":"<p>POL\u00cdTICA DE PROTECCI\u00d3N DE DATOS PERSONALES En orden a dar cumplimiento los a la responsabilidad\u00a0proactiva que caracteriza a esta entidad y que adem\u00e1s nos exige el\u00a0Reglamento Europeo de Protecci\u00f3n de datos 2016\/679 en los art\u00edculos 13 y\u00a014, INTERAFI ha elaborado la presenta pol\u00edtica de privacidad, con el\u00a0fin de que todas las personas f\u00edsicas o jur\u00eddicas [&hellip;]<\/p>\n","protected":false},"author":5,"featured_media":0,"parent":0,"menu_order":0,"comment_status":"closed","ping_status":"closed","template":"elementor_canvas","meta":{"_joinchat":[]},"_links":{"self":[{"href":"https:\/\/interafi.com\/centro-internacional-estudios\/wp-json\/wp\/v2\/pages\/1108"}],"collection":[{"href":"https:\/\/interafi.com\/centro-internacional-estudios\/wp-json\/wp\/v2\/pages"}],"about":[{"href":"https:\/\/interafi.com\/centro-internacional-estudios\/wp-json\/wp\/v2\/types\/page"}],"author":[{"embeddable":true,"href":"https:\/\/interafi.com\/centro-internacional-estudios\/wp-json\/wp\/v2\/users\/5"}],"replies":[{"embeddable":true,"href":"https:\/\/interafi.com\/centro-internacional-estudios\/wp-json\/wp\/v2\/comments?post=1108"}],"version-history":[{"count":16,"href":"https:\/\/interafi.com\/centro-internacional-estudios\/wp-json\/wp\/v2\/pages\/1108\/revisions"}],"predecessor-version":[{"id":1225,"href":"https:\/\/interafi.com\/centro-internacional-estudios\/wp-json\/wp\/v2\/pages\/1108\/revisions\/1225"}],"wp:attachment":[{"href":"https:\/\/interafi.com\/centro-internacional-estudios\/wp-json\/wp\/v2\/media?parent=1108"}],"curies":[{"name":"wp","href":"https:\/\/api.w.org\/{rel}","templated":true}]}}