{"id":1102,"date":"2021-09-23T12:46:24","date_gmt":"2021-09-23T10:46:24","guid":{"rendered":"https:\/\/interafi.com\/centro-internacional-estudios\/?page_id=1102"},"modified":"2021-10-28T14:12:02","modified_gmt":"2021-10-28T12:12:02","slug":"aviso-legal","status":"publish","type":"page","link":"https:\/\/interafi.com\/centro-internacional-estudios\/aviso-legal\/","title":{"rendered":"Aviso Legal"},"content":{"rendered":"\t\t<div data-elementor-type=\"wp-page\" data-elementor-id=\"1102\" class=\"elementor elementor-1102\">\n\t\t\t\t\t\t<section class=\"elementor-section elementor-top-section elementor-element elementor-element-4a58d00 elementor-section-boxed elementor-section-height-default elementor-section-height-default\" data-id=\"4a58d00\" data-element_type=\"section\" id=\"top\" data-settings=\"{&quot;background_background&quot;:&quot;classic&quot;,&quot;jet_parallax_layout_list&quot;:[]}\">\n\t\t\t\t\t\t\t<div class=\"elementor-background-overlay\"><\/div>\n\t\t\t\t\t\t\t<div class=\"elementor-container elementor-column-gap-default\">\n\t\t\t\t\t<div class=\"elementor-column elementor-col-100 elementor-top-column elementor-element elementor-element-4c1feb98\" data-id=\"4c1feb98\" data-element_type=\"column\">\n\t\t\t<div class=\"elementor-widget-wrap elementor-element-populated\">\n\t\t\t\t\t\t<div class=\"elementor-element elementor-element-b50ad48 elementor-widget elementor-widget-image\" data-id=\"b50ad48\" data-element_type=\"widget\" data-widget_type=\"image.default\">\n\t\t\t\t<div class=\"elementor-widget-container\">\n\t\t\t\t\t\t\t\t\t\t\t\t\t<img src=\"https:\/\/interafi.com\/centro-internacional-estudios\/wp-content\/uploads\/2021\/07\/logo_icie.svg\" class=\"attachment-full size-full wp-image-412\" alt=\"\" \/>\t\t\t\t\t\t\t\t\t\t\t\t\t<\/div>\n\t\t\t\t<\/div>\n\t\t\t\t<section class=\"elementor-section elementor-inner-section elementor-element elementor-element-230b1434 elementor-section-full_width elementor-section-height-default elementor-section-height-default\" data-id=\"230b1434\" data-element_type=\"section\" data-settings=\"{&quot;jet_parallax_layout_list&quot;:[]}\">\n\t\t\t\t\t\t<div class=\"elementor-container elementor-column-gap-default\">\n\t\t\t\t\t<div class=\"elementor-column elementor-col-100 elementor-inner-column elementor-element elementor-element-6d086a94\" data-id=\"6d086a94\" data-element_type=\"column\" data-settings=\"{&quot;background_background&quot;:&quot;classic&quot;}\">\n\t\t\t<div class=\"elementor-widget-wrap elementor-element-populated\">\n\t\t\t\t\t<div class=\"elementor-background-overlay\"><\/div>\n\t\t\t\t\t\t<div class=\"elementor-element elementor-element-6893e2eb elementor-widget elementor-widget-heading\" data-id=\"6893e2eb\" data-element_type=\"widget\" data-widget_type=\"heading.default\">\n\t\t\t\t<div class=\"elementor-widget-container\">\n\t\t\t<h6 class=\"elementor-heading-title elementor-size-small\">AVISO LEGAL<\/h6>\t\t<\/div>\n\t\t\t\t<\/div>\n\t\t\t\t<div class=\"elementor-element elementor-element-1b51cdc6 elementor-widget elementor-widget-text-editor\" data-id=\"1b51cdc6\" data-element_type=\"widget\" data-widget_type=\"text-editor.default\">\n\t\t\t\t<div class=\"elementor-widget-container\">\n\t\t\t\t\t\t\t<p align=\"justify\">La p\u00e1gina web <strong><span style=\"color: #ffffff;\"><a style=\"color: #ffffff;\" href=\"https:\/\/www.interafi.com\">www.interafi.com<\/a><\/span><\/strong> en adelante la web, el sitio, el portal o similar) es propiedad de <em>INTERNAL AUDIT AND FINANCIAL CONTROL S.L.<\/em> (en adelante, <em>INTERAFI<\/em>), con CIF B83746396, domicilio en la [direccion], e inscrita en el Registro Mercantil de Madrid, Tomo 19742, Libro 0, Folio 174, Secci\u00f3n 8, hoja M-347457.<\/p><p align=\"justify\">La web cumple rigurosamente con La Ley Org\u00e1nica 3\/2018, de 5 de diciembre, de Protecci\u00f3n de Datos de Car\u00e1cter Personal y Garant\u00eda de los Derechos Digitales, el Reglamento (UE) 2016\/679 del Parlamento Europeo y del Consejo de 27 de abril de 2016 relativo a la protecci\u00f3n de las personas f\u00edsicas, as\u00ed como con la Ley 34\/2002, de 11 de julio, de Servicios de la Sociedad de la Informaci\u00f3n y Comercio Electr\u00f3nico.<\/p><p align=\"justify\"><span style=\"font-size: 16.5px; color: var( --e-global-color-7168a413 );\">Al ser esta la normativa aplicable, quedan sometida a ella tanto ciudadanos nacionales como extranjeros que utilicen esta web.<\/span><\/p>\t\t\t\t\t\t<\/div>\n\t\t\t\t<\/div>\n\t\t\t\t\t<\/div>\n\t\t<\/div>\n\t\t\t\t\t<\/div>\n\t\t<\/section>\n\t\t\t\t<section class=\"elementor-section elementor-inner-section elementor-element elementor-element-31af610 elementor-section-full_width elementor-section-height-default elementor-section-height-default\" data-id=\"31af610\" data-element_type=\"section\" data-settings=\"{&quot;jet_parallax_layout_list&quot;:[]}\">\n\t\t\t\t\t\t<div class=\"elementor-container elementor-column-gap-default\">\n\t\t\t\t\t<div class=\"elementor-column elementor-col-100 elementor-inner-column elementor-element elementor-element-72c224d\" data-id=\"72c224d\" data-element_type=\"column\" data-settings=\"{&quot;background_background&quot;:&quot;classic&quot;}\">\n\t\t\t<div class=\"elementor-widget-wrap elementor-element-populated\">\n\t\t\t\t\t<div class=\"elementor-background-overlay\"><\/div>\n\t\t\t\t\t\t<div class=\"elementor-element elementor-element-f502bd6 elementor-widget elementor-widget-heading\" data-id=\"f502bd6\" data-element_type=\"widget\" data-widget_type=\"heading.default\">\n\t\t\t\t<div class=\"elementor-widget-container\">\n\t\t\t<h1 class=\"elementor-heading-title elementor-size-default\">ACCESO Y USO<\/h1>\t\t<\/div>\n\t\t\t\t<\/div>\n\t\t\t\t<div class=\"elementor-element elementor-element-7d3a33f elementor-widget elementor-widget-text-editor\" data-id=\"7d3a33f\" data-element_type=\"widget\" data-widget_type=\"text-editor.default\">\n\t\t\t\t<div class=\"elementor-widget-container\">\n\t\t\t\t\t\t\t<p align=\"justify\">El acceso y uso a esta p\u00e1gina web, sus contenidos o servicios por parte del usuario es gratuito, no est\u00e1 sujeto a suscripci\u00f3n y est\u00e1 condicionado a la previa lectura y aceptaci\u00f3n del presente aviso legal y resto de textos legales vigentes en el momento de utilizaci\u00f3n, que rogamos lea detenidamente. Si el usuario no estuviere de acuerdo con las condiciones de uso, deber\u00e1 abstenerse de utilizar y operar por medio de este portal.<\/p><p align=\"justify\"><span style=\"font-size: 16.5px; color: var( --e-global-color-7168a413 );\">En caso de observar que se est\u00e9n llevando a cabo actuaciones o usos il\u00edcitos o que se est\u00e1 vulnerando el contenido del presente documento o de los t\u00e9rminos y condiciones, nos reservamos el derecho a denegar tu acceso a la Web o a cualquier parte de la misma, sin necesidad de notificaci\u00f3n.<\/span><\/p>\t\t\t\t\t\t<\/div>\n\t\t\t\t<\/div>\n\t\t\t\t\t<\/div>\n\t\t<\/div>\n\t\t\t\t\t<\/div>\n\t\t<\/section>\n\t\t\t\t<section class=\"elementor-section elementor-inner-section elementor-element elementor-element-6b6bb5d elementor-section-full_width elementor-section-height-default elementor-section-height-default\" data-id=\"6b6bb5d\" data-element_type=\"section\" data-settings=\"{&quot;jet_parallax_layout_list&quot;:[]}\">\n\t\t\t\t\t\t<div class=\"elementor-container elementor-column-gap-default\">\n\t\t\t\t\t<div class=\"elementor-column elementor-col-100 elementor-inner-column elementor-element elementor-element-caf89d7\" data-id=\"caf89d7\" data-element_type=\"column\" data-settings=\"{&quot;background_background&quot;:&quot;classic&quot;}\">\n\t\t\t<div class=\"elementor-widget-wrap elementor-element-populated\">\n\t\t\t\t\t<div class=\"elementor-background-overlay\"><\/div>\n\t\t\t\t\t\t<div class=\"elementor-element elementor-element-9b8b367 elementor-widget elementor-widget-heading\" data-id=\"9b8b367\" data-element_type=\"widget\" data-widget_type=\"heading.default\">\n\t\t\t\t<div class=\"elementor-widget-container\">\n\t\t\t<h1 class=\"elementor-heading-title elementor-size-default\">RESPONSABILIDAD<\/h1>\t\t<\/div>\n\t\t\t\t<\/div>\n\t\t\t\t<div class=\"elementor-element elementor-element-e8a4417 elementor-widget elementor-widget-text-editor\" data-id=\"e8a4417\" data-element_type=\"widget\" data-widget_type=\"text-editor.default\">\n\t\t\t\t<div class=\"elementor-widget-container\">\n\t\t\t\t\t\t\t<p align=\"justify\">La informaci\u00f3n publicada en el sitio web puede ser inexacta, por lo que INTERAFI no asume responsabilidad por la desactualizaci\u00f3n o imprecisiones de los datos e informaciones contenidas en los distintos apartados de\u00a0\u00a0<a href=\"https:\/\/www.interafi.com\"><span style=\"color: #ffffff;\"><strong>www.interafi.com<\/strong><\/span><\/a>.<\/p><p align=\"justify\"><span style=\"font-size: 16.5px; color: var( --e-global-color-7168a413 );\">Las opiniones que se puedan manifestar y que se contengan en el portal web o en cualquier otro dependiente o relacionado con \u00e9ste, al respecto de normativas nuevas o actualizadas, consultas p\u00fablicas, servicios que se prestan o cualquier otra cuesti\u00f3n, tendr\u00e1 el car\u00e1cter de opini\u00f3n personal. En ning\u00fan caso se considerar\u00e1 un servicio o una opini\u00f3n legal ni tendr\u00e1 car\u00e1cter vinculante en tal sentido, salvo que se indique expresamente lo contrario.<\/span><\/p><p align=\"justify\"><span style=\"font-size: 16.5px; color: var( --e-global-color-7168a413 );\">INTERAFI no se responsabiliza de las opiniones y respuestas formuladas por su personal o colaboradores. Asimismo, teniendo en cuenta la imposibilidad de control respecto a la informaci\u00f3n contengan otras p\u00e1ginas web a los que se pueda acceder a trav\u00e9s de la presente, INTERAFI tampoco es responsable de la misma.<\/span><\/p>\t\t\t\t\t\t<\/div>\n\t\t\t\t<\/div>\n\t\t\t\t\t<\/div>\n\t\t<\/div>\n\t\t\t\t\t<\/div>\n\t\t<\/section>\n\t\t\t\t<section class=\"elementor-section elementor-inner-section elementor-element elementor-element-5fef614 elementor-section-full_width elementor-section-height-default elementor-section-height-default\" data-id=\"5fef614\" data-element_type=\"section\" data-settings=\"{&quot;jet_parallax_layout_list&quot;:[]}\">\n\t\t\t\t\t\t<div class=\"elementor-container elementor-column-gap-default\">\n\t\t\t\t\t<div class=\"elementor-column elementor-col-100 elementor-inner-column elementor-element elementor-element-53e1b63\" data-id=\"53e1b63\" data-element_type=\"column\" data-settings=\"{&quot;background_background&quot;:&quot;classic&quot;}\">\n\t\t\t<div class=\"elementor-widget-wrap elementor-element-populated\">\n\t\t\t\t\t<div class=\"elementor-background-overlay\"><\/div>\n\t\t\t\t\t\t<div class=\"elementor-element elementor-element-052cd21 elementor-widget elementor-widget-heading\" data-id=\"052cd21\" data-element_type=\"widget\" data-widget_type=\"heading.default\">\n\t\t\t\t<div class=\"elementor-widget-container\">\n\t\t\t<h1 class=\"elementor-heading-title elementor-size-default\">CONTRATACI\u00d3N<\/h1>\t\t<\/div>\n\t\t\t\t<\/div>\n\t\t\t\t<div class=\"elementor-element elementor-element-f474d54 elementor-widget elementor-widget-text-editor\" data-id=\"f474d54\" data-element_type=\"widget\" data-widget_type=\"text-editor.default\">\n\t\t\t\t<div class=\"elementor-widget-container\">\n\t\t\t\t\t\t\t<p align=\"justify\">INTERAFI no ofrece la posibilidad de contratar online productos o servicios a trav\u00e9s de su sitio web, por lo que su contenido no tendr\u00e1 la consideraci\u00f3n de contrato entre la entidad y el usuario. Quien pretenda contratar los productos o servicios ofrecidos por INTERAFI deber\u00e1 contactar directamente en el formulario de contacto, o en los medios indicados al final del presente documento, para que se le pueda facilitar la informaci\u00f3n precontractual correspondiente.<\/p><p align=\"justify\">Dicha contrataci\u00f3n de servicios quedar\u00e1 en todo caso sometida a la aceptaci\u00f3n de propuesta de honorarios que, en su caso, emita la firma.<\/p>\t\t\t\t\t\t<\/div>\n\t\t\t\t<\/div>\n\t\t\t\t\t<\/div>\n\t\t<\/div>\n\t\t\t\t\t<\/div>\n\t\t<\/section>\n\t\t\t\t<section class=\"elementor-section elementor-inner-section elementor-element elementor-element-9f3d164 elementor-section-full_width elementor-section-height-default elementor-section-height-default\" data-id=\"9f3d164\" data-element_type=\"section\" data-settings=\"{&quot;jet_parallax_layout_list&quot;:[]}\">\n\t\t\t\t\t\t<div class=\"elementor-container elementor-column-gap-default\">\n\t\t\t\t\t<div class=\"elementor-column elementor-col-100 elementor-inner-column elementor-element elementor-element-a4c54d3\" data-id=\"a4c54d3\" data-element_type=\"column\" data-settings=\"{&quot;background_background&quot;:&quot;classic&quot;}\">\n\t\t\t<div class=\"elementor-widget-wrap elementor-element-populated\">\n\t\t\t\t\t<div class=\"elementor-background-overlay\"><\/div>\n\t\t\t\t\t\t<div class=\"elementor-element elementor-element-abce1f2 elementor-widget elementor-widget-heading\" data-id=\"abce1f2\" data-element_type=\"widget\" data-widget_type=\"heading.default\">\n\t\t\t\t<div class=\"elementor-widget-container\">\n\t\t\t<h1 class=\"elementor-heading-title elementor-size-default\">PROPIEDAD INTELECTUAL E INDUSTRIAL<\/h1>\t\t<\/div>\n\t\t\t\t<\/div>\n\t\t\t\t<div class=\"elementor-element elementor-element-1df7142 elementor-widget elementor-widget-text-editor\" data-id=\"1df7142\" data-element_type=\"widget\" data-widget_type=\"text-editor.default\">\n\t\t\t\t<div class=\"elementor-widget-container\">\n\t\t\t\t\t\t\t<p align=\"justify\">Todos los contenidos, textos, im\u00e1genes, marcas, contenido de blogs o podcast son de nuestra propiedad o de terceros a los que se han adquirido sus derechos de explotaci\u00f3n, y est\u00e1 protegidos por los derechos de propiedad Intelectual e Industrial.<\/p><p align=\"justify\">El usuario \u00fanicamente tiene derecho a un uso privado de los mismos, sin \u00e1nimo de lucro, y necesita autorizaci\u00f3n expresa del responsable para modificarlos, reproducirlos, explotarlo, distribuirlos o ejercer cualquier derecho perteneciente a su titular. Para obtener dicha autorizaci\u00f3n, el interesado podr\u00e1 dirigirse v\u00eda e-mail a la direcci\u00f3n indicada al final del presente texto legal.<\/p><p align=\"justify\">Todo uso o modificaci\u00f3n de los elementos contenidos en la p\u00e1gina web para cualquier otro fin distinto del autorizado, ser\u00e1 considerado una vulneraci\u00f3n de la normativa concerniente a la propiedad intelectual e industrial.<\/p>\t\t\t\t\t\t<\/div>\n\t\t\t\t<\/div>\n\t\t\t\t\t<\/div>\n\t\t<\/div>\n\t\t\t\t\t<\/div>\n\t\t<\/section>\n\t\t\t\t<section class=\"elementor-section elementor-inner-section elementor-element elementor-element-72a0e7a elementor-section-full_width elementor-section-height-default elementor-section-height-default\" data-id=\"72a0e7a\" data-element_type=\"section\" data-settings=\"{&quot;jet_parallax_layout_list&quot;:[]}\">\n\t\t\t\t\t\t<div class=\"elementor-container elementor-column-gap-default\">\n\t\t\t\t\t<div class=\"elementor-column elementor-col-100 elementor-inner-column elementor-element elementor-element-4da53ad\" data-id=\"4da53ad\" data-element_type=\"column\" data-settings=\"{&quot;background_background&quot;:&quot;classic&quot;}\">\n\t\t\t<div class=\"elementor-widget-wrap elementor-element-populated\">\n\t\t\t\t\t<div class=\"elementor-background-overlay\"><\/div>\n\t\t\t\t\t\t<div class=\"elementor-element elementor-element-0ca7db9 elementor-widget elementor-widget-heading\" data-id=\"0ca7db9\" data-element_type=\"widget\" data-widget_type=\"heading.default\">\n\t\t\t\t<div class=\"elementor-widget-container\">\n\t\t\t<h1 class=\"elementor-heading-title elementor-size-default\">LEGISLACI\u00d3N Y FUERO<\/h1>\t\t<\/div>\n\t\t\t\t<\/div>\n\t\t\t\t<div class=\"elementor-element elementor-element-767c146 elementor-widget elementor-widget-text-editor\" data-id=\"767c146\" data-element_type=\"widget\" data-widget_type=\"text-editor.default\">\n\t\t\t\t<div class=\"elementor-widget-container\">\n\t\t\t\t\t\t\t<p align=\"justify\">La prestaci\u00f3n del servicio se rige por la legislaci\u00f3n espa\u00f1ola, siendo competentes los Tribunales de Madrid, a los que el usuario se somete expresamente.<\/p>\t\t\t\t\t\t<\/div>\n\t\t\t\t<\/div>\n\t\t\t\t\t<\/div>\n\t\t<\/div>\n\t\t\t\t\t<\/div>\n\t\t<\/section>\n\t\t\t\t<section class=\"elementor-section elementor-inner-section elementor-element elementor-element-28e4f58 elementor-section-full_width elementor-section-height-default elementor-section-height-default\" data-id=\"28e4f58\" data-element_type=\"section\" data-settings=\"{&quot;jet_parallax_layout_list&quot;:[]}\">\n\t\t\t\t\t\t<div class=\"elementor-container elementor-column-gap-default\">\n\t\t\t\t\t<div class=\"elementor-column elementor-col-100 elementor-inner-column elementor-element elementor-element-f9bbea9\" data-id=\"f9bbea9\" data-element_type=\"column\" data-settings=\"{&quot;background_background&quot;:&quot;classic&quot;}\">\n\t\t\t<div class=\"elementor-widget-wrap elementor-element-populated\">\n\t\t\t\t\t<div class=\"elementor-background-overlay\"><\/div>\n\t\t\t\t\t\t<div class=\"elementor-element elementor-element-b85638d elementor-widget elementor-widget-heading\" data-id=\"b85638d\" data-element_type=\"widget\" data-widget_type=\"heading.default\">\n\t\t\t\t<div class=\"elementor-widget-container\">\n\t\t\t<h1 class=\"elementor-heading-title elementor-size-default\">SERVICIOS SUJETOS A AUTORIZACI\u00d3N O REGISTRO<\/h1>\t\t<\/div>\n\t\t\t\t<\/div>\n\t\t\t\t<div class=\"elementor-element elementor-element-77f9606 elementor-widget elementor-widget-text-editor\" data-id=\"77f9606\" data-element_type=\"widget\" data-widget_type=\"text-editor.default\">\n\t\t\t\t<div class=\"elementor-widget-container\">\n\t\t\t\t\t\t\t<p align=\"justify\">La presente entidad cuenta con personal cuya identidad, conocimientos y experiencia han sido comunicados e inscritos como Experto Externo en el Servicio Ejecutivo de la Comisi\u00f3n (SEPBLAC,\u00a0 <a href=\"https:\/\/www.sepblac.es\/es\/\"><span style=\"color: #ffffff;\"><strong>https:\/\/www.sepblac.es\/es\/<\/strong><\/span><\/a>), a efectos de poder desempe\u00f1ar la labor de experto externo en materia de prevenci\u00f3n de blanqueo de capitales y financiaci\u00f3n del terrorismo.<\/p>\t\t\t\t\t\t<\/div>\n\t\t\t\t<\/div>\n\t\t\t\t\t<\/div>\n\t\t<\/div>\n\t\t\t\t\t<\/div>\n\t\t<\/section>\n\t\t\t\t<section class=\"elementor-section elementor-inner-section elementor-element elementor-element-7f1b844 elementor-section-full_width elementor-section-height-default elementor-section-height-default\" data-id=\"7f1b844\" data-element_type=\"section\" data-settings=\"{&quot;jet_parallax_layout_list&quot;:[]}\">\n\t\t\t\t\t\t<div class=\"elementor-container elementor-column-gap-default\">\n\t\t\t\t\t<div class=\"elementor-column elementor-col-100 elementor-inner-column elementor-element elementor-element-4698762\" data-id=\"4698762\" data-element_type=\"column\" data-settings=\"{&quot;background_background&quot;:&quot;classic&quot;}\">\n\t\t\t<div class=\"elementor-widget-wrap elementor-element-populated\">\n\t\t\t\t\t<div class=\"elementor-background-overlay\"><\/div>\n\t\t\t\t\t\t<div class=\"elementor-element elementor-element-4313def elementor-widget elementor-widget-heading\" data-id=\"4313def\" data-element_type=\"widget\" data-widget_type=\"heading.default\">\n\t\t\t\t<div class=\"elementor-widget-container\">\n\t\t\t<h1 class=\"elementor-heading-title elementor-size-default\">C\u00d3DIGOS DE CONDUCTA<\/h1>\t\t<\/div>\n\t\t\t\t<\/div>\n\t\t\t\t<div class=\"elementor-element elementor-element-b199eb6 elementor-widget elementor-widget-text-editor\" data-id=\"b199eb6\" data-element_type=\"widget\" data-widget_type=\"text-editor.default\">\n\t\t\t\t<div class=\"elementor-widget-container\">\n\t\t\t\t\t\t\t<p align=\"justify\">NTERAFI SL cuenta con personal adherido al c\u00f3digo \u00e9tico de las personas certificadas como Delegados de Protecci\u00f3n de Datos conforme al esquema de la Agencia Espa\u00f1ola de Protecci\u00f3n de Datos, lo puedes encontrar aqu\u00ed\u00a0<strong><span style=\"color: #ffffff;\"><a style=\"color: #ffffff;\" href=\"https:\/\/www.anf.es\/wp-content\/uploads\/2020\/01\/ANEXO-IV.pdf\">ANEXO-IV.pdf (anf.es)<\/a><\/span><\/strong><\/p>\t\t\t\t\t\t<\/div>\n\t\t\t\t<\/div>\n\t\t\t\t\t<\/div>\n\t\t<\/div>\n\t\t\t\t\t<\/div>\n\t\t<\/section>\n\t\t\t\t<section class=\"elementor-section elementor-inner-section elementor-element elementor-element-8ea9268 elementor-section-full_width elementor-section-height-default elementor-section-height-default\" data-id=\"8ea9268\" data-element_type=\"section\" data-settings=\"{&quot;jet_parallax_layout_list&quot;:[]}\">\n\t\t\t\t\t\t<div class=\"elementor-container elementor-column-gap-default\">\n\t\t\t\t\t<div class=\"elementor-column elementor-col-100 elementor-inner-column elementor-element elementor-element-402dad2\" data-id=\"402dad2\" data-element_type=\"column\" data-settings=\"{&quot;background_background&quot;:&quot;classic&quot;}\">\n\t\t\t<div class=\"elementor-widget-wrap elementor-element-populated\">\n\t\t\t\t\t<div class=\"elementor-background-overlay\"><\/div>\n\t\t\t\t\t\t<div class=\"elementor-element elementor-element-e299085 elementor-widget elementor-widget-heading\" data-id=\"e299085\" data-element_type=\"widget\" data-widget_type=\"heading.default\">\n\t\t\t\t<div class=\"elementor-widget-container\">\n\t\t\t<h1 class=\"elementor-heading-title elementor-size-default\">MODIFICACIONES DEL AVISO LEGAL<\/h1>\t\t<\/div>\n\t\t\t\t<\/div>\n\t\t\t\t<div class=\"elementor-element elementor-element-289b331 elementor-widget elementor-widget-text-editor\" data-id=\"289b331\" data-element_type=\"widget\" data-widget_type=\"text-editor.default\">\n\t\t\t\t<div class=\"elementor-widget-container\">\n\t\t\t\t\t\t\t<p align=\"justify\">En cualquier momento podremos modificar la presentaci\u00f3n y configuraci\u00f3n del contenido de este documento y del resto de textos legales, con el fin de mejorar el uso del sitio web y\/o adaptarlo a la normativa vigente que resulte de aplicaci\u00f3n.<\/p><p align=\"justify\"><span style=\"font-size: 16.5px; color: var( --e-global-color-7168a413 );\">El aviso legal vigente ser\u00e1 de aplicaci\u00f3n, as\u00ed como sus modificaciones, desde el d\u00eda en que se publique en\u00a0<\/span><span style=\"color: #ffffff;\"><strong><a style=\"color: #ffffff;\" href=\"https:\/\/www.interafi.com\">www.interafi.com<\/a><\/strong><\/span><span style=\"font-size: 16.5px; color: var( --e-global-color-7168a413 );\">, lo que tendr\u00e1 lugar tan pronto como nos sea posible, con el fin de que conozca todas sus posibilidades dentro de dicha p\u00e1gina web.<\/span><\/p>\t\t\t\t\t\t<\/div>\n\t\t\t\t<\/div>\n\t\t\t\t\t<\/div>\n\t\t<\/div>\n\t\t\t\t\t<\/div>\n\t\t<\/section>\n\t\t\t\t<section class=\"elementor-section elementor-inner-section elementor-element elementor-element-a850de7 elementor-section-full_width elementor-section-height-default elementor-section-height-default\" data-id=\"a850de7\" data-element_type=\"section\" data-settings=\"{&quot;jet_parallax_layout_list&quot;:[]}\">\n\t\t\t\t\t\t<div class=\"elementor-container elementor-column-gap-default\">\n\t\t\t\t\t<div class=\"elementor-column elementor-col-100 elementor-inner-column elementor-element elementor-element-7895ede\" data-id=\"7895ede\" data-element_type=\"column\" data-settings=\"{&quot;background_background&quot;:&quot;classic&quot;}\">\n\t\t\t<div class=\"elementor-widget-wrap elementor-element-populated\">\n\t\t\t\t\t<div class=\"elementor-background-overlay\"><\/div>\n\t\t\t\t\t\t<div class=\"elementor-element elementor-element-0abad7b elementor-widget elementor-widget-heading\" data-id=\"0abad7b\" data-element_type=\"widget\" data-widget_type=\"heading.default\">\n\t\t\t\t<div class=\"elementor-widget-container\">\n\t\t\t<h1 class=\"elementor-heading-title elementor-size-default\">CONTACTO<\/h1>\t\t<\/div>\n\t\t\t\t<\/div>\n\t\t\t\t<div class=\"elementor-element elementor-element-958c0fc elementor-widget elementor-widget-text-editor\" data-id=\"958c0fc\" data-element_type=\"widget\" data-widget_type=\"text-editor.default\">\n\t\t\t\t<div class=\"elementor-widget-container\">\n\t\t\t\t\t\t\t<p align=\"justify\">En cualquier momento, el usuario que pretenda utilizar la p\u00e1gina web y que tenga dudas al respecto de su contenido o posibilidades de uso, podr\u00e1 contactarnos a trav\u00e9s del formulario habilitado en www.interafi.com\/contacto\/, o en las siguientes direcciones:<\/p><p style=\"padding-left: 40px;\">Horario: 08:30h a 14:00h y 15:00h a 18:00 de lunes a jueves.\u00a0 8:30h a 15:30h los viernes<br \/>Tel\u00e9fono: +34 91 781 54 76<br \/>Correo electr\u00f3nico: <span style=\"color: #ffffff;\"><a style=\"color: #ffffff;\" href=\"mailto:gestion@interafi.com\"><strong>gestion@interafi.com<\/strong><\/a><\/span><br \/>Direcci\u00f3n postal: [direccion]<\/p><p>Delegado de protecci\u00f3n de datos: <span style=\"color: #ffffff;\"><strong><a style=\"color: #ffffff;\" href=\"mailto:dpo@interafi.com\">dpo@interafi.com<\/a><\/strong><\/span><\/p>\t\t\t\t\t\t<\/div>\n\t\t\t\t<\/div>\n\t\t\t\t\t<\/div>\n\t\t<\/div>\n\t\t\t\t\t<\/div>\n\t\t<\/section>\n\t\t\t\t\t<\/div>\n\t\t<\/div>\n\t\t\t\t\t<\/div>\n\t\t<\/section>\n\t\t\t\t<section class=\"elementor-section elementor-top-section elementor-element elementor-element-35b92d1a elementor-section-boxed elementor-section-height-default elementor-section-height-default\" data-id=\"35b92d1a\" data-element_type=\"section\" data-settings=\"{&quot;background_background&quot;:&quot;classic&quot;,&quot;jet_parallax_layout_list&quot;:[]}\">\n\t\t\t\t\t\t<div class=\"elementor-container elementor-column-gap-default\">\n\t\t\t\t\t<div class=\"elementor-column elementor-col-100 elementor-top-column elementor-element elementor-element-3324286f\" data-id=\"3324286f\" data-element_type=\"column\">\n\t\t\t<div class=\"elementor-widget-wrap elementor-element-populated\">\n\t\t\t\t\t\t<div class=\"elementor-element elementor-element-62968bee elementor-widget elementor-widget-image\" data-id=\"62968bee\" data-element_type=\"widget\" data-widget_type=\"image.default\">\n\t\t\t\t<div class=\"elementor-widget-container\">\n\t\t\t\t\t\t\t\t\t\t\t\t\t<img src=\"https:\/\/interafi.com\/centro-internacional-estudios\/wp-content\/uploads\/2021\/07\/logo_icie.svg\" class=\"attachment-full size-full wp-image-412\" alt=\"\" \/>\t\t\t\t\t\t\t\t\t\t\t\t\t<\/div>\n\t\t\t\t<\/div>\n\t\t\t\t<div class=\"elementor-element elementor-element-3947cf2 uael-nav-menu__align-center uael-nav-menu__breakpoint-none uael-submenu-open-hover uael-submenu-icon-arrow uael-submenu-animation-none uael-link-redirect-child elementor-widget elementor-widget-uael-nav-menu\" data-id=\"3947cf2\" data-element_type=\"widget\" data-settings=\"{&quot;distance_from_menu&quot;:{&quot;unit&quot;:&quot;px&quot;,&quot;size&quot;:&quot;&quot;,&quot;sizes&quot;:[]},&quot;distance_from_menu_tablet&quot;:{&quot;unit&quot;:&quot;px&quot;,&quot;size&quot;:&quot;&quot;,&quot;sizes&quot;:[]},&quot;distance_from_menu_mobile&quot;:{&quot;unit&quot;:&quot;px&quot;,&quot;size&quot;:&quot;&quot;,&quot;sizes&quot;:[]}}\" data-widget_type=\"uael-nav-menu.default\">\n\t\t\t\t<div class=\"elementor-widget-container\">\n\t\t\t\t\t<div class=\"uael-nav-menu uael-layout-horizontal uael-nav-menu-layout uael-pointer__underline uael-animation__fade\" data-layout=\"horizontal\">\n\t\t\t\t<div role=\"button\" class=\"uael-nav-menu__toggle elementor-clickable\">\n\t\t\t\t\t<span class=\"screen-reader-text\">Main Menu<\/span>\n\t\t\t\t\t<div class=\"uael-nav-menu-icon\">\n\t\t\t\t\t\t\t\t\t\t\t<\/div>\n\t\t\t\t\t\t\t\t\t<\/div>\n\t\t\t\t\t\t\t<nav class=\"uael-nav-menu__layout-horizontal uael-nav-menu__submenu-arrow\" data-toggle-icon=\"\" data-close-icon=\"\" data-full-width=\"\"><ul id=\"menu-1-3947cf2\" class=\"uael-nav-menu\"><li id=\"menu-item-1178\" class=\"menu-item menu-item-type-post_type menu-item-object-page parent uael-creative-menu\"><a href=\"https:\/\/interafi.com\/centro-internacional-estudios\/politica-de-cookies\/\" class = \"uael-menu-item\">Pol\u00edtica de cookies<\/a><\/li>\n<li id=\"menu-item-1179\" class=\"menu-item menu-item-type-post_type menu-item-object-page parent uael-creative-menu\"><a href=\"https:\/\/interafi.com\/centro-internacional-estudios\/politica-de-privacidad\/\" class = \"uael-menu-item\">Pol\u00edtica de privacidad<\/a><\/li>\n<li id=\"menu-item-1180\" class=\"menu-item menu-item-type-post_type menu-item-object-page parent uael-creative-menu\"><a href=\"https:\/\/interafi.com\/centro-internacional-estudios\/aviso-legal\/\" class = \"uael-menu-item\">Aviso Legal<\/a><\/li>\n<\/ul><\/nav>\n\t\t\t\t\t<\/div>\n\t\t\t\t\t<\/div>\n\t\t\t\t<\/div>\n\t\t\t\t<div class=\"elementor-element elementor-element-14cb8547 elementor-hidden-phone elementor-widget elementor-widget-text-editor\" data-id=\"14cb8547\" data-element_type=\"widget\" data-widget_type=\"text-editor.default\">\n\t\t\t\t<div class=\"elementor-widget-container\">\n\t\t\t\t\t\t\t<p>Interafi \u00ae 2021. Todos los derechos reservados<\/p>\t\t\t\t\t\t<\/div>\n\t\t\t\t<\/div>\n\t\t\t\t\t<\/div>\n\t\t<\/div>\n\t\t\t\t\t<\/div>\n\t\t<\/section>\n\t\t\t\t<section class=\"elementor-section elementor-top-section elementor-element elementor-element-0909a92 elementor-section-boxed elementor-section-height-default elementor-section-height-default\" data-id=\"0909a92\" data-element_type=\"section\" data-settings=\"{&quot;jet_parallax_layout_list&quot;:[]}\">\n\t\t\t\t\t\t<div class=\"elementor-container elementor-column-gap-default\">\n\t\t\t\t\t<div class=\"elementor-column elementor-col-100 elementor-top-column elementor-element elementor-element-37f28fc\" data-id=\"37f28fc\" data-element_type=\"column\">\n\t\t\t<div class=\"elementor-widget-wrap\">\n\t\t\t\t\t\t\t<\/div>\n\t\t<\/div>\n\t\t\t\t\t<\/div>\n\t\t<\/section>\n\t\t\t\t<\/div>\n\t\t","protected":false},"excerpt":{"rendered":"<p>AVISO LEGAL La p\u00e1gina web www.interafi.com en adelante la web, el sitio, el portal o similar) es propiedad de INTERNAL AUDIT AND FINANCIAL CONTROL S.L. (en adelante, INTERAFI), con CIF B83746396, domicilio en la [direccion], e inscrita en el Registro Mercantil de Madrid, Tomo 19742, Libro 0, Folio 174, Secci\u00f3n 8, hoja M-347457. La web [&hellip;]<\/p>\n","protected":false},"author":5,"featured_media":0,"parent":0,"menu_order":0,"comment_status":"closed","ping_status":"closed","template":"elementor_canvas","meta":{"_joinchat":[]},"_links":{"self":[{"href":"https:\/\/interafi.com\/centro-internacional-estudios\/wp-json\/wp\/v2\/pages\/1102"}],"collection":[{"href":"https:\/\/interafi.com\/centro-internacional-estudios\/wp-json\/wp\/v2\/pages"}],"about":[{"href":"https:\/\/interafi.com\/centro-internacional-estudios\/wp-json\/wp\/v2\/types\/page"}],"author":[{"embeddable":true,"href":"https:\/\/interafi.com\/centro-internacional-estudios\/wp-json\/wp\/v2\/users\/5"}],"replies":[{"embeddable":true,"href":"https:\/\/interafi.com\/centro-internacional-estudios\/wp-json\/wp\/v2\/comments?post=1102"}],"version-history":[{"count":16,"href":"https:\/\/interafi.com\/centro-internacional-estudios\/wp-json\/wp\/v2\/pages\/1102\/revisions"}],"predecessor-version":[{"id":1218,"href":"https:\/\/interafi.com\/centro-internacional-estudios\/wp-json\/wp\/v2\/pages\/1102\/revisions\/1218"}],"wp:attachment":[{"href":"https:\/\/interafi.com\/centro-internacional-estudios\/wp-json\/wp\/v2\/media?parent=1102"}],"curies":[{"name":"wp","href":"https:\/\/api.w.org\/{rel}","templated":true}]}}